{"id":21526,"date":"2019-09-13T14:43:46","date_gmt":"2019-09-13T12:43:46","guid":{"rendered":"http:\/\/marolles.brussels\/event\/vernissage-expo-carlos-vivar-peintures-et-sculptures\/"},"modified":"2019-09-13T14:43:46","modified_gmt":"2019-09-13T12:43:46","slug":"vernissage-expo-carlos-vivar-peintures-et-sculptures","status":"publish","type":"tribe_events","link":"https:\/\/marolles.brussels\/en\/event\/vernissage-expo-carlos-vivar-peintures-et-sculptures\/","title":{"rendered":"Vernissage Expo &#8220;Carlos Vivar. Peintures et sculptures&#8221;"},"content":{"rendered":"<p>Apr\u00e8s une exposition d\u2019\u00e9t\u00e9 tout en diversit\u00e9 regroupant pas moins de 19 artistes, la Partage Galerie vous pr\u00e9sente une expo d\u2019un seul artiste, mais pas n\u2019importe quel artiste !<\/p>\n<p>Carlos Vivar est artiste mexicain qui expose depuis 25 ans en Am\u00e9rique du Sud, aux Etats-Unis, en Asie et en Europe. Peintre et sculpteur, c\u2019est la deuxi\u00e8me fois qu\u2019il nous fait le plaisir de remplir la galerie de son univers tout en volumes et en couleurs. Il nous pr\u00e9sentera \u00e0 cette occasion ses nouvelles cr\u00e9ations.<\/p>\n<p>Le vernissage aura lieu le jeudi 19 septembre \u00e0 partir de 18h. en pr\u00e9sence de l\u2019artiste.<br \/>\nL&#8217;exposition se d\u00e9roulera ensuite du 20 septembre au 13 octobre les vendredi, samedi et dimanche de 11h \u00e0 18h.<\/p>\n","protected":false},"excerpt":{"rendered":"<p>Apr\u00e8s une exposition d\u2019\u00e9t\u00e9 tout en diversit\u00e9 regroupant pas moins de 19 artistes, la Partage Galerie vous pr\u00e9sente une expo d\u2019un seul artiste, mais pas n\u2019importe quel artiste ! Carlos [&hellip;]<\/p>\n","protected":false},"author":164,"featured_media":21523,"template":"","meta":{"_acf_changed":false,"_exactmetrics_skip_tracking":false,"_exactmetrics_sitenote_active":false,"_exactmetrics_sitenote_note":"","_exactmetrics_sitenote_category":0,"_tribe_events_status":"","_tribe_events_status_reason":"","footnotes":""},"tags":[],"tribe_events_cat":[],"class_list":["post-21526","tribe_events","type-tribe_events","status-publish","has-post-thumbnail","hentry"],"acf":[],"cubewp_post_meta":[],"taxonomies":[],"yoast_head":"<!-- This site is optimized with the Yoast SEO plugin v27.3 - https:\/\/yoast.com\/product\/yoast-seo-wordpress\/ -->\n<title>Vernissage Expo &quot;Carlos Vivar. Peintures et sculptures&quot; - Marolles<\/title>\n<meta name=\"robots\" content=\"index, follow, max-snippet:-1, max-image-preview:large, max-video-preview:-1\" \/>\n<link rel=\"canonical\" href=\"https:\/\/marolles.brussels\/en\/event\/vernissage-expo-carlos-vivar-peintures-et-sculptures\/\" \/>\n<meta property=\"og:locale\" content=\"en_US\" \/>\n<meta property=\"og:type\" content=\"article\" \/>\n<meta property=\"og:title\" content=\"Vernissage Expo &quot;Carlos Vivar. Peintures et sculptures&quot; - Marolles\" \/>\n<meta property=\"og:description\" content=\"Apr\u00e8s une exposition d\u2019\u00e9t\u00e9 tout en diversit\u00e9 regroupant pas moins de 19 artistes, la Partage Galerie vous pr\u00e9sente une expo d\u2019un seul artiste, mais pas n\u2019importe quel artiste ! Carlos [&hellip;]\" \/>\n<meta property=\"og:url\" content=\"https:\/\/marolles.brussels\/en\/event\/vernissage-expo-carlos-vivar-peintures-et-sculptures\/\" \/>\n<meta property=\"og:site_name\" content=\"Marolles\" \/>\n<meta property=\"og:image\" content=\"https:\/\/marolles.brussels\/wp-content\/uploads\/2019\/09\/69694685_902031506833567_4236187872530530304_n.jpg\" \/>\n\t<meta property=\"og:image:width\" content=\"680\" \/>\n\t<meta property=\"og:image:height\" content=\"680\" \/>\n\t<meta property=\"og:image:type\" content=\"image\/jpeg\" \/>\n<meta name=\"twitter:card\" content=\"summary_large_image\" \/>\n<script type=\"application\/ld+json\" class=\"yoast-schema-graph\">{\"@context\":\"https:\\\/\\\/schema.org\",\"@graph\":[{\"@type\":\"WebPage\",\"@id\":\"https:\\\/\\\/marolles.brussels\\\/en\\\/event\\\/vernissage-expo-carlos-vivar-peintures-et-sculptures\\\/\",\"url\":\"https:\\\/\\\/marolles.brussels\\\/en\\\/event\\\/vernissage-expo-carlos-vivar-peintures-et-sculptures\\\/\",\"name\":\"Vernissage Expo \\\"Carlos Vivar. Peintures et sculptures\\\" - Marolles\",\"isPartOf\":{\"@id\":\"https:\\\/\\\/marolles.brussels\\\/en\\\/#website\"},\"primaryImageOfPage\":{\"@id\":\"https:\\\/\\\/marolles.brussels\\\/en\\\/event\\\/vernissage-expo-carlos-vivar-peintures-et-sculptures\\\/#primaryimage\"},\"image\":{\"@id\":\"https:\\\/\\\/marolles.brussels\\\/en\\\/event\\\/vernissage-expo-carlos-vivar-peintures-et-sculptures\\\/#primaryimage\"},\"thumbnailUrl\":\"https:\\\/\\\/marolles.brussels\\\/wp-content\\\/uploads\\\/2019\\\/09\\\/69694685_902031506833567_4236187872530530304_n.jpg\",\"datePublished\":\"2019-09-13T12:43:46+00:00\",\"breadcrumb\":{\"@id\":\"https:\\\/\\\/marolles.brussels\\\/en\\\/event\\\/vernissage-expo-carlos-vivar-peintures-et-sculptures\\\/#breadcrumb\"},\"inLanguage\":\"en-US\",\"potentialAction\":[{\"@type\":\"ReadAction\",\"target\":[\"https:\\\/\\\/marolles.brussels\\\/en\\\/event\\\/vernissage-expo-carlos-vivar-peintures-et-sculptures\\\/\"]}]},{\"@type\":\"ImageObject\",\"inLanguage\":\"en-US\",\"@id\":\"https:\\\/\\\/marolles.brussels\\\/en\\\/event\\\/vernissage-expo-carlos-vivar-peintures-et-sculptures\\\/#primaryimage\",\"url\":\"https:\\\/\\\/marolles.brussels\\\/wp-content\\\/uploads\\\/2019\\\/09\\\/69694685_902031506833567_4236187872530530304_n.jpg\",\"contentUrl\":\"https:\\\/\\\/marolles.brussels\\\/wp-content\\\/uploads\\\/2019\\\/09\\\/69694685_902031506833567_4236187872530530304_n.jpg\",\"width\":680,\"height\":680,\"caption\":\"Carlos Vivar. Peintures et sculptures\"},{\"@type\":\"BreadcrumbList\",\"@id\":\"https:\\\/\\\/marolles.brussels\\\/en\\\/event\\\/vernissage-expo-carlos-vivar-peintures-et-sculptures\\\/#breadcrumb\",\"itemListElement\":[{\"@type\":\"ListItem\",\"position\":1,\"name\":\"Accueil\",\"item\":\"https:\\\/\\\/marolles.brussels\\\/en\\\/\"},{\"@type\":\"ListItem\",\"position\":2,\"name\":\"Events\",\"item\":\"https:\\\/\\\/marolles.brussels\\\/en\\\/evenements\\\/\"},{\"@type\":\"ListItem\",\"position\":3,\"name\":\"Vernissage Expo &#8220;Carlos Vivar. Peintures et sculptures&#8221;\"}]},{\"@type\":\"WebSite\",\"@id\":\"https:\\\/\\\/marolles.brussels\\\/en\\\/#website\",\"url\":\"https:\\\/\\\/marolles.brussels\\\/en\\\/\",\"name\":\"Marolles\",\"description\":\"D\u00e9couvrez les meilleurs endroits pour manger, boire un verre entre amis ou faire vos achats pr\u00e8s de chez vous.\",\"potentialAction\":[{\"@type\":\"SearchAction\",\"target\":{\"@type\":\"EntryPoint\",\"urlTemplate\":\"https:\\\/\\\/marolles.brussels\\\/en\\\/?s={search_term_string}\"},\"query-input\":{\"@type\":\"PropertyValueSpecification\",\"valueRequired\":true,\"valueName\":\"search_term_string\"}}],\"inLanguage\":\"en-US\"}]}<\/script>\n<!-- \/ Yoast SEO plugin. -->","yoast_head_json":{"title":"Vernissage Expo \"Carlos Vivar. Peintures et sculptures\" - Marolles","robots":{"index":"index","follow":"follow","max-snippet":"max-snippet:-1","max-image-preview":"max-image-preview:large","max-video-preview":"max-video-preview:-1"},"canonical":"https:\/\/marolles.brussels\/en\/event\/vernissage-expo-carlos-vivar-peintures-et-sculptures\/","og_locale":"en_US","og_type":"article","og_title":"Vernissage Expo \"Carlos Vivar. Peintures et sculptures\" - Marolles","og_description":"Apr\u00e8s une exposition d\u2019\u00e9t\u00e9 tout en diversit\u00e9 regroupant pas moins de 19 artistes, la Partage Galerie vous pr\u00e9sente une expo d\u2019un seul artiste, mais pas n\u2019importe quel artiste ! Carlos [&hellip;]","og_url":"https:\/\/marolles.brussels\/en\/event\/vernissage-expo-carlos-vivar-peintures-et-sculptures\/","og_site_name":"Marolles","og_image":[{"width":680,"height":680,"url":"https:\/\/marolles.brussels\/wp-content\/uploads\/2019\/09\/69694685_902031506833567_4236187872530530304_n.jpg","type":"image\/jpeg"}],"twitter_card":"summary_large_image","schema":{"@context":"https:\/\/schema.org","@graph":[{"@type":"WebPage","@id":"https:\/\/marolles.brussels\/en\/event\/vernissage-expo-carlos-vivar-peintures-et-sculptures\/","url":"https:\/\/marolles.brussels\/en\/event\/vernissage-expo-carlos-vivar-peintures-et-sculptures\/","name":"Vernissage Expo \"Carlos Vivar. Peintures et sculptures\" - Marolles","isPartOf":{"@id":"https:\/\/marolles.brussels\/en\/#website"},"primaryImageOfPage":{"@id":"https:\/\/marolles.brussels\/en\/event\/vernissage-expo-carlos-vivar-peintures-et-sculptures\/#primaryimage"},"image":{"@id":"https:\/\/marolles.brussels\/en\/event\/vernissage-expo-carlos-vivar-peintures-et-sculptures\/#primaryimage"},"thumbnailUrl":"https:\/\/marolles.brussels\/wp-content\/uploads\/2019\/09\/69694685_902031506833567_4236187872530530304_n.jpg","datePublished":"2019-09-13T12:43:46+00:00","breadcrumb":{"@id":"https:\/\/marolles.brussels\/en\/event\/vernissage-expo-carlos-vivar-peintures-et-sculptures\/#breadcrumb"},"inLanguage":"en-US","potentialAction":[{"@type":"ReadAction","target":["https:\/\/marolles.brussels\/en\/event\/vernissage-expo-carlos-vivar-peintures-et-sculptures\/"]}]},{"@type":"ImageObject","inLanguage":"en-US","@id":"https:\/\/marolles.brussels\/en\/event\/vernissage-expo-carlos-vivar-peintures-et-sculptures\/#primaryimage","url":"https:\/\/marolles.brussels\/wp-content\/uploads\/2019\/09\/69694685_902031506833567_4236187872530530304_n.jpg","contentUrl":"https:\/\/marolles.brussels\/wp-content\/uploads\/2019\/09\/69694685_902031506833567_4236187872530530304_n.jpg","width":680,"height":680,"caption":"Carlos Vivar. Peintures et sculptures"},{"@type":"BreadcrumbList","@id":"https:\/\/marolles.brussels\/en\/event\/vernissage-expo-carlos-vivar-peintures-et-sculptures\/#breadcrumb","itemListElement":[{"@type":"ListItem","position":1,"name":"Accueil","item":"https:\/\/marolles.brussels\/en\/"},{"@type":"ListItem","position":2,"name":"Events","item":"https:\/\/marolles.brussels\/en\/evenements\/"},{"@type":"ListItem","position":3,"name":"Vernissage Expo &#8220;Carlos Vivar. Peintures et sculptures&#8221;"}]},{"@type":"WebSite","@id":"https:\/\/marolles.brussels\/en\/#website","url":"https:\/\/marolles.brussels\/en\/","name":"Marolles","description":"D\u00e9couvrez les meilleurs endroits pour manger, boire un verre entre amis ou faire vos achats pr\u00e8s de chez vous.","potentialAction":[{"@type":"SearchAction","target":{"@type":"EntryPoint","urlTemplate":"https:\/\/marolles.brussels\/en\/?s={search_term_string}"},"query-input":{"@type":"PropertyValueSpecification","valueRequired":true,"valueName":"search_term_string"}}],"inLanguage":"en-US"}]}},"_links":{"self":[{"href":"https:\/\/marolles.brussels\/en\/wp-json\/wp\/v2\/tribe_events\/21526","targetHints":{"allow":["GET"]}}],"collection":[{"href":"https:\/\/marolles.brussels\/en\/wp-json\/wp\/v2\/tribe_events"}],"about":[{"href":"https:\/\/marolles.brussels\/en\/wp-json\/wp\/v2\/types\/tribe_events"}],"author":[{"embeddable":true,"href":"https:\/\/marolles.brussels\/en\/wp-json\/wp\/v2\/users\/164"}],"version-history":[{"count":0,"href":"https:\/\/marolles.brussels\/en\/wp-json\/wp\/v2\/tribe_events\/21526\/revisions"}],"wp:featuredmedia":[{"embeddable":true,"href":"https:\/\/marolles.brussels\/en\/wp-json\/wp\/v2\/media\/21523"}],"wp:attachment":[{"href":"https:\/\/marolles.brussels\/en\/wp-json\/wp\/v2\/media?parent=21526"}],"wp:term":[{"taxonomy":"post_tag","embeddable":true,"href":"https:\/\/marolles.brussels\/en\/wp-json\/wp\/v2\/tags?post=21526"},{"taxonomy":"tribe_events_cat","embeddable":true,"href":"https:\/\/marolles.brussels\/en\/wp-json\/wp\/v2\/tribe_events_cat?post=21526"}],"curies":[{"name":"wp","href":"https:\/\/api.w.org\/{rel}","templated":true}]}}